{"id":96,"date":"2019-07-16T13:23:12","date_gmt":"2019-07-16T13:23:12","guid":{"rendered":"http:\/\/kirche-bad-liebenwerda.de\/?page_id=96"},"modified":"2024-11-21T10:00:10","modified_gmt":"2024-11-21T10:00:10","slug":"muehlberg-st-marien","status":"publish","type":"page","link":"https:\/\/www.kirche-bad-liebenwerda.de\/?page_id=96","title":{"rendered":"M\u00fchlberg &#8211; St. Marien"},"content":{"rendered":"<!-- RS_MODULE_CODE_2.5.0 --><div id=\"readspeaker_button96\" class=\"rs_skip rsbtn rs_preserve\"><a class=\"rsbtn_play\" title=\"Um den Text anzuh&ouml;ren, verwenden Sie bitte ReadSpeaker\" accesskey=\"L\" href=\"https:\/\/app-eu.readspeaker.com\/cgi-bin\/rsent?customerid=10468&amp;lang=de_de&amp;readid=rspeak_read_96&amp;url=https%3A%2F%2Fwww.kirche-bad-liebenwerda.de%2Findex.php%3Frest_route%3D%252Fwp%252Fv2%252Fpages%252F96\"><span class=\"rsbtn_left rsimg rspart\"><span class=\"rsbtn_text\"><span>Vorlesen<\/span><\/span><\/span><span class=\"rsbtn_right rsimg rsplay rspart\"><\/span><\/a><\/div><div id=\"rspeak_read_96\">\t\t<div data-elementor-type=\"wp-page\" data-elementor-id=\"96\" class=\"elementor elementor-96\" data-elementor-post-type=\"page\">\n\t\t\t\t<div class=\"elementor-element elementor-element-0cf01fb e-flex e-con-boxed e-con e-parent\" data-id=\"0cf01fb\" data-element_type=\"container\" data-e-type=\"container\" data-settings=\"{&quot;background_background&quot;:&quot;classic&quot;,&quot;shape_divider_top&quot;:&quot;mountains&quot;}\">\n\t\t\t\t\t<div class=\"e-con-inner\">\n\t\t\t\t<div class=\"elementor-shape elementor-shape-top\" aria-hidden=\"true\" data-negative=\"false\">\n\t\t\t<svg xmlns=\"http:\/\/www.w3.org\/2000\/svg\" viewBox=\"0 0 1000 100\" preserveAspectRatio=\"none\">\n\t<path class=\"elementor-shape-fill\" opacity=\"0.33\" d=\"M473,67.3c-203.9,88.3-263.1-34-320.3,0C66,119.1,0,59.7,0,59.7V0h1000v59.7 c0,0-62.1,26.1-94.9,29.3c-32.8,3.3-62.8-12.3-75.8-22.1C806,49.6,745.3,8.7,694.9,4.7S492.4,59,473,67.3z\"\/>\n\t<path class=\"elementor-shape-fill\" opacity=\"0.66\" d=\"M734,67.3c-45.5,0-77.2-23.2-129.1-39.1c-28.6-8.7-150.3-10.1-254,39.1 s-91.7-34.4-149.2,0C115.7,118.3,0,39.8,0,39.8V0h1000v36.5c0,0-28.2-18.5-92.1-18.5C810.2,18.1,775.7,67.3,734,67.3z\"\/>\n\t<path class=\"elementor-shape-fill\" d=\"M766.1,28.9c-200-57.5-266,65.5-395.1,19.5C242,1.8,242,5.4,184.8,20.6C128,35.8,132.3,44.9,89.9,52.5C28.6,63.7,0,0,0,0 h1000c0,0-9.9,40.9-83.6,48.1S829.6,47,766.1,28.9z\"\/>\n<\/svg>\t\t<\/div>\n\t\t\t\t<div class=\"elementor-element elementor-element-41d8b50 elementor-widget elementor-widget-spacer\" data-id=\"41d8b50\" data-element_type=\"widget\" data-e-type=\"widget\" data-widget_type=\"spacer.default\">\n\t\t\t\t<div class=\"elementor-widget-container\">\n\t\t\t\t\t\t\t<div class=\"elementor-spacer\">\n\t\t\t<div class=\"elementor-spacer-inner\"><\/div>\n\t\t<\/div>\n\t\t\t\t\t\t<\/div>\n\t\t\t\t<\/div>\n\t\t\t\t\t<\/div>\n\t\t\t\t<\/div>\n\t\t<div class=\"elementor-element elementor-element-3aad42c e-flex e-con-boxed e-con e-parent\" data-id=\"3aad42c\" data-element_type=\"container\" data-e-type=\"container\">\n\t\t\t\t\t<div class=\"e-con-inner\">\n\t\t\t\t<div class=\"elementor-element elementor-element-f28d4ba elementor-widget elementor-widget-spacer\" data-id=\"f28d4ba\" data-element_type=\"widget\" data-e-type=\"widget\" data-widget_type=\"spacer.default\">\n\t\t\t\t<div class=\"elementor-widget-container\">\n\t\t\t\t\t\t\t<div class=\"elementor-spacer\">\n\t\t\t<div class=\"elementor-spacer-inner\"><\/div>\n\t\t<\/div>\n\t\t\t\t\t\t<\/div>\n\t\t\t\t<\/div>\n\t\t\t\t\t<\/div>\n\t\t\t\t<\/div>\n\t\t<div class=\"elementor-element elementor-element-42f5076 e-flex e-con-boxed e-con e-parent\" data-id=\"42f5076\" data-element_type=\"container\" data-e-type=\"container\">\n\t\t\t\t\t<div class=\"e-con-inner\">\n\t\t\t\t<div class=\"elementor-element elementor-element-abcd158 elementor-widget elementor-widget-heading\" data-id=\"abcd158\" data-element_type=\"widget\" data-e-type=\"widget\" data-widget_type=\"heading.default\">\n\t\t\t\t<div class=\"elementor-widget-container\">\n\t\t\t\t\t<h1 class=\"elementor-heading-title elementor-size-default\">Gemeinde M\u00fchlberg - St. Marien<\/h1>\t\t\t\t<\/div>\n\t\t\t\t<\/div>\n\t\t\t\t\t<\/div>\n\t\t\t\t<\/div>\n\t\t<div class=\"elementor-element elementor-element-4a3a784 e-flex e-con-boxed e-con e-parent\" data-id=\"4a3a784\" data-element_type=\"container\" data-e-type=\"container\">\n\t\t\t\t\t<div class=\"e-con-inner\">\n\t\t\t\t<div class=\"elementor-element elementor-element-b48dd27 elementor-widget elementor-widget-spacer\" data-id=\"b48dd27\" data-element_type=\"widget\" data-e-type=\"widget\" data-widget_type=\"spacer.default\">\n\t\t\t\t<div class=\"elementor-widget-container\">\n\t\t\t\t\t\t\t<div class=\"elementor-spacer\">\n\t\t\t<div class=\"elementor-spacer-inner\"><\/div>\n\t\t<\/div>\n\t\t\t\t\t\t<\/div>\n\t\t\t\t<\/div>\n\t\t\t\t\t<\/div>\n\t\t\t\t<\/div>\n\t\t<div class=\"elementor-element elementor-element-314152c e-flex e-con-boxed e-con e-parent\" data-id=\"314152c\" data-element_type=\"container\" data-e-type=\"container\">\n\t\t\t\t\t<div class=\"e-con-inner\">\n\t\t<div class=\"elementor-element elementor-element-4e4e2d3 e-con-full e-flex e-con e-child\" data-id=\"4e4e2d3\" data-element_type=\"container\" data-e-type=\"container\">\n\t\t\t\t<div class=\"elementor-element elementor-element-61b0603 elementor-widget elementor-widget-heading\" data-id=\"61b0603\" data-element_type=\"widget\" data-e-type=\"widget\" data-widget_type=\"heading.default\">\n\t\t\t\t<div class=\"elementor-widget-container\">\n\t\t\t\t\t<h2 class=\"elementor-heading-title elementor-size-default\">Kapelle St. Marien: Ein moderner Nachbar der Klosterkirche<\/h2>\t\t\t\t<\/div>\n\t\t\t\t<\/div>\n\t\t\t\t<div class=\"elementor-element elementor-element-466e52d elementor-widget elementor-widget-spacer\" data-id=\"466e52d\" data-element_type=\"widget\" data-e-type=\"widget\" data-widget_type=\"spacer.default\">\n\t\t\t\t<div class=\"elementor-widget-container\">\n\t\t\t\t\t\t\t<div class=\"elementor-spacer\">\n\t\t\t<div class=\"elementor-spacer-inner\"><\/div>\n\t\t<\/div>\n\t\t\t\t\t\t<\/div>\n\t\t\t\t<\/div>\n\t\t\t\t<div class=\"elementor-element elementor-element-af3b471 elementor-widget__width-initial elementor-widget elementor-widget-text-editor\" data-id=\"af3b471\" data-element_type=\"widget\" data-e-type=\"widget\" data-widget_type=\"text-editor.default\">\n\t\t\t\t<div class=\"elementor-widget-container\">\n\t\t\t\t\t\t\t\t\t<p>Direkt neben der historischen Klosterkirche und dem traditionsreichen Kloster &#8222;Marienstern&#8220;, das 1228 gegr\u00fcndet wurde, steht die katholische Kapelle St. Marien. Sie erg\u00e4nzt das spirituelle Ensemble und symbolisiert eine Verbindung von Tradition und Moderne.<\/p>\t\t\t\t\t\t\t\t<\/div>\n\t\t\t\t<\/div>\n\t\t\t\t<div class=\"elementor-element elementor-element-52e8f77 elementor-widget elementor-widget-spacer\" data-id=\"52e8f77\" data-element_type=\"widget\" data-e-type=\"widget\" data-widget_type=\"spacer.default\">\n\t\t\t\t<div class=\"elementor-widget-container\">\n\t\t\t\t\t\t\t<div class=\"elementor-spacer\">\n\t\t\t<div class=\"elementor-spacer-inner\"><\/div>\n\t\t<\/div>\n\t\t\t\t\t\t<\/div>\n\t\t\t\t<\/div>\n\t\t\t\t<div class=\"elementor-element elementor-element-a03806b elementor-widget elementor-widget-heading\" data-id=\"a03806b\" data-element_type=\"widget\" data-e-type=\"widget\" data-widget_type=\"heading.default\">\n\t\t\t\t<div class=\"elementor-widget-container\">\n\t\t\t\t\t<h2 class=\"elementor-heading-title elementor-size-default\">Feierliche Weihe im Jahr 1971<\/h2>\t\t\t\t<\/div>\n\t\t\t\t<\/div>\n\t\t\t\t<div class=\"elementor-element elementor-element-49abb57 elementor-widget elementor-widget-spacer\" data-id=\"49abb57\" data-element_type=\"widget\" data-e-type=\"widget\" data-widget_type=\"spacer.default\">\n\t\t\t\t<div class=\"elementor-widget-container\">\n\t\t\t\t\t\t\t<div class=\"elementor-spacer\">\n\t\t\t<div class=\"elementor-spacer-inner\"><\/div>\n\t\t<\/div>\n\t\t\t\t\t\t<\/div>\n\t\t\t\t<\/div>\n\t\t\t\t<div class=\"elementor-element elementor-element-0dac81c elementor-widget elementor-widget-text-editor\" data-id=\"0dac81c\" data-element_type=\"widget\" data-e-type=\"widget\" data-widget_type=\"text-editor.default\">\n\t\t\t\t<div class=\"elementor-widget-container\">\n\t\t\t\t\t\t\t\t\t<p>Am 20. November 1971 wurde die Kapelle unter gro\u00dfer Beteiligung von rund 500 Gemeindemitgliedern und G\u00e4sten durch Bischof Johannes Braun feierlich geweiht. Die Einweihung markierte einen bedeutenden Moment f\u00fcr die katholische Gemeinde in der Region.<\/p>\t\t\t\t\t\t\t\t<\/div>\n\t\t\t\t<\/div>\n\t\t\t\t<div class=\"elementor-element elementor-element-58c6d23 elementor-widget elementor-widget-spacer\" data-id=\"58c6d23\" data-element_type=\"widget\" data-e-type=\"widget\" data-widget_type=\"spacer.default\">\n\t\t\t\t<div class=\"elementor-widget-container\">\n\t\t\t\t\t\t\t<div class=\"elementor-spacer\">\n\t\t\t<div class=\"elementor-spacer-inner\"><\/div>\n\t\t<\/div>\n\t\t\t\t\t\t<\/div>\n\t\t\t\t<\/div>\n\t\t\t\t<div class=\"elementor-element elementor-element-ad17f5f elementor-widget elementor-widget-heading\" data-id=\"ad17f5f\" data-element_type=\"widget\" data-e-type=\"widget\" data-widget_type=\"heading.default\">\n\t\t\t\t<div class=\"elementor-widget-container\">\n\t\t\t\t\t<h2 class=\"elementor-heading-title elementor-size-default\">Die Claretiner: Neue Impulse seit dem Jahr 2000<\/h2>\t\t\t\t<\/div>\n\t\t\t\t<\/div>\n\t\t\t\t<div class=\"elementor-element elementor-element-6f1a293 elementor-widget elementor-widget-spacer\" data-id=\"6f1a293\" data-element_type=\"widget\" data-e-type=\"widget\" data-widget_type=\"spacer.default\">\n\t\t\t\t<div class=\"elementor-widget-container\">\n\t\t\t\t\t\t\t<div class=\"elementor-spacer\">\n\t\t\t<div class=\"elementor-spacer-inner\"><\/div>\n\t\t<\/div>\n\t\t\t\t\t\t<\/div>\n\t\t\t\t<\/div>\n\t\t\t\t<div class=\"elementor-element elementor-element-fd5bf67 elementor-widget elementor-widget-text-editor\" data-id=\"fd5bf67\" data-element_type=\"widget\" data-e-type=\"widget\" data-widget_type=\"text-editor.default\">\n\t\t\t\t<div class=\"elementor-widget-container\">\n\t\t\t\t\t\t\t\t\t<p>Seit dem Jahr 2000 wird die Gemeinde M\u00fchlberg von der Ordensgemeinschaft der Claretiner geleitet. Diese Gemeinschaft hat sich der Aufgabe verschrieben, das Kloster &#8222;Marienstern&#8220; wiederzubeleben. Das Kloster, das mittlerweile vom Bistum Magdeburg gepachtet wurde, erf\u00e4hrt durch ihre Arbeit eine neue Dynamik.<\/p>\t\t\t\t\t\t\t\t<\/div>\n\t\t\t\t<\/div>\n\t\t\t\t<div class=\"elementor-element elementor-element-21f456f elementor-widget elementor-widget-spacer\" data-id=\"21f456f\" data-element_type=\"widget\" data-e-type=\"widget\" data-widget_type=\"spacer.default\">\n\t\t\t\t<div class=\"elementor-widget-container\">\n\t\t\t\t\t\t\t<div class=\"elementor-spacer\">\n\t\t\t<div class=\"elementor-spacer-inner\"><\/div>\n\t\t<\/div>\n\t\t\t\t\t\t<\/div>\n\t\t\t\t<\/div>\n\t\t\t\t<div class=\"elementor-element elementor-element-e0509bd elementor-widget elementor-widget-heading\" data-id=\"e0509bd\" data-element_type=\"widget\" data-e-type=\"widget\" data-widget_type=\"heading.default\">\n\t\t\t\t<div class=\"elementor-widget-container\">\n\t\t\t\t\t<h2 class=\"elementor-heading-title elementor-size-default\">Weitere Informationen zum Kloster<\/h2>\t\t\t\t<\/div>\n\t\t\t\t<\/div>\n\t\t\t\t<div class=\"elementor-element elementor-element-666c033 elementor-widget elementor-widget-spacer\" data-id=\"666c033\" data-element_type=\"widget\" data-e-type=\"widget\" data-widget_type=\"spacer.default\">\n\t\t\t\t<div class=\"elementor-widget-container\">\n\t\t\t\t\t\t\t<div class=\"elementor-spacer\">\n\t\t\t<div class=\"elementor-spacer-inner\"><\/div>\n\t\t<\/div>\n\t\t\t\t\t\t<\/div>\n\t\t\t\t<\/div>\n\t\t\t\t<div class=\"elementor-element elementor-element-d01c97b elementor-widget elementor-widget-text-editor\" data-id=\"d01c97b\" data-element_type=\"widget\" data-e-type=\"widget\" data-widget_type=\"text-editor.default\">\n\t\t\t\t<div class=\"elementor-widget-container\">\n\t\t\t\t\t\t\t\t\t<p>N\u00e4here Details zur Geschichte und den Aktivit\u00e4ten des Klosters M\u00fchlberg finden Interessierte auf der Internetseite des Klosters unter dem Men\u00fcpunkt <strong>Nachbargemeinden<\/strong>.<\/p>\t\t\t\t\t\t\t\t<\/div>\n\t\t\t\t<\/div>\n\t\t\t\t<\/div>\n\t\t<div class=\"elementor-element elementor-element-87e3822 e-con-full e-flex e-con e-child\" data-id=\"87e3822\" data-element_type=\"container\" data-e-type=\"container\">\n\t\t\t\t<div class=\"elementor-element elementor-element-532542f elementor-widget elementor-widget-gallery\" data-id=\"532542f\" data-element_type=\"widget\" data-e-type=\"widget\" data-settings=\"{&quot;gallery_layout&quot;:&quot;justified&quot;,&quot;lazyload&quot;:&quot;yes&quot;,&quot;ideal_row_height&quot;:{&quot;unit&quot;:&quot;px&quot;,&quot;size&quot;:200,&quot;sizes&quot;:[]},&quot;ideal_row_height_tablet_extra&quot;:{&quot;unit&quot;:&quot;px&quot;,&quot;size&quot;:150,&quot;sizes&quot;:[]},&quot;ideal_row_height_tablet&quot;:{&quot;unit&quot;:&quot;px&quot;,&quot;size&quot;:150,&quot;sizes&quot;:[]},&quot;ideal_row_height_mobile_extra&quot;:{&quot;unit&quot;:&quot;px&quot;,&quot;size&quot;:150,&quot;sizes&quot;:[]},&quot;ideal_row_height_mobile&quot;:{&quot;unit&quot;:&quot;px&quot;,&quot;size&quot;:150,&quot;sizes&quot;:[]},&quot;gap&quot;:{&quot;unit&quot;:&quot;px&quot;,&quot;size&quot;:10,&quot;sizes&quot;:[]},&quot;gap_tablet_extra&quot;:{&quot;unit&quot;:&quot;px&quot;,&quot;size&quot;:10,&quot;sizes&quot;:[]},&quot;gap_tablet&quot;:{&quot;unit&quot;:&quot;px&quot;,&quot;size&quot;:10,&quot;sizes&quot;:[]},&quot;gap_mobile_extra&quot;:{&quot;unit&quot;:&quot;px&quot;,&quot;size&quot;:10,&quot;sizes&quot;:[]},&quot;gap_mobile&quot;:{&quot;unit&quot;:&quot;px&quot;,&quot;size&quot;:10,&quot;sizes&quot;:[]},&quot;link_to&quot;:&quot;file&quot;,&quot;overlay_background&quot;:&quot;yes&quot;,&quot;content_hover_animation&quot;:&quot;fade-in&quot;}\" data-widget_type=\"gallery.default\">\n\t\t\t\t<div class=\"elementor-widget-container\">\n\t\t\t\t\t\t\t<div class=\"elementor-gallery__container\">\n\t\t\t\t\t\t\t<a class=\"e-gallery-item elementor-gallery-item elementor-animated-content\" href=\"https:\/\/www.kirche-bad-liebenwerda.de\/wp-content\/uploads\/2024\/11\/IMG_2487-Verbessert-RR-scaled.webp\" data-elementor-open-lightbox=\"yes\" data-elementor-lightbox-slideshow=\"532542f\" data-elementor-lightbox-title=\"IMG_2487-Verbessert-RR\" data-e-action-hash=\"#elementor-action%3Aaction%3Dlightbox%26settings%3DeyJpZCI6MjU1MSwidXJsIjoiaHR0cHM6XC9cL3d3dy5raXJjaGUtYmFkLWxpZWJlbndlcmRhLmRlXC93cC1jb250ZW50XC91cGxvYWRzXC8yMDI0XC8xMVwvSU1HXzI0ODctVmVyYmVzc2VydC1SUi1zY2FsZWQud2VicCIsInNsaWRlc2hvdyI6IjUzMjU0MmYifQ%3D%3D\">\n\t\t\t\t\t<div class=\"e-gallery-image elementor-gallery-item__image\" data-thumbnail=\"https:\/\/www.kirche-bad-liebenwerda.de\/wp-content\/uploads\/2024\/11\/IMG_2487-Verbessert-RR-200x300.webp\" data-width=\"200\" data-height=\"300\" aria-label=\"\" role=\"img\" ><\/div>\n\t\t\t\t\t\t\t\t\t\t\t<div class=\"elementor-gallery-item__overlay\"><\/div>\n\t\t\t\t\t\t\t\t\t\t\t\t\t\t<\/a>\n\t\t\t\t\t\t\t<a class=\"e-gallery-item elementor-gallery-item elementor-animated-content\" href=\"https:\/\/www.kirche-bad-liebenwerda.de\/wp-content\/uploads\/2024\/11\/IMG_2489-scaled.webp\" data-elementor-open-lightbox=\"yes\" data-elementor-lightbox-slideshow=\"532542f\" data-elementor-lightbox-title=\"IMG_2489\" data-e-action-hash=\"#elementor-action%3Aaction%3Dlightbox%26settings%3DeyJpZCI6MjU1MywidXJsIjoiaHR0cHM6XC9cL3d3dy5raXJjaGUtYmFkLWxpZWJlbndlcmRhLmRlXC93cC1jb250ZW50XC91cGxvYWRzXC8yMDI0XC8xMVwvSU1HXzI0ODktc2NhbGVkLndlYnAiLCJzbGlkZXNob3ciOiI1MzI1NDJmIn0%3D\">\n\t\t\t\t\t<div class=\"e-gallery-image elementor-gallery-item__image\" data-thumbnail=\"https:\/\/www.kirche-bad-liebenwerda.de\/wp-content\/uploads\/2024\/11\/IMG_2489-200x300.webp\" data-width=\"200\" data-height=\"300\" aria-label=\"\" role=\"img\" ><\/div>\n\t\t\t\t\t\t\t\t\t\t\t<div class=\"elementor-gallery-item__overlay\"><\/div>\n\t\t\t\t\t\t\t\t\t\t\t\t\t\t<\/a>\n\t\t\t\t\t\t\t<a class=\"e-gallery-item elementor-gallery-item elementor-animated-content\" href=\"https:\/\/www.kirche-bad-liebenwerda.de\/wp-content\/uploads\/2024\/11\/IMG_2493-Verbessert-RR-scaled.webp\" data-elementor-open-lightbox=\"yes\" data-elementor-lightbox-slideshow=\"532542f\" data-elementor-lightbox-title=\"IMG_2493-Verbessert-RR\" data-e-action-hash=\"#elementor-action%3Aaction%3Dlightbox%26settings%3DeyJpZCI6MjU1NCwidXJsIjoiaHR0cHM6XC9cL3d3dy5raXJjaGUtYmFkLWxpZWJlbndlcmRhLmRlXC93cC1jb250ZW50XC91cGxvYWRzXC8yMDI0XC8xMVwvSU1HXzI0OTMtVmVyYmVzc2VydC1SUi1zY2FsZWQud2VicCIsInNsaWRlc2hvdyI6IjUzMjU0MmYifQ%3D%3D\">\n\t\t\t\t\t<div class=\"e-gallery-image elementor-gallery-item__image\" data-thumbnail=\"https:\/\/www.kirche-bad-liebenwerda.de\/wp-content\/uploads\/2024\/11\/IMG_2493-Verbessert-RR-300x200.webp\" data-width=\"300\" data-height=\"200\" aria-label=\"\" role=\"img\" ><\/div>\n\t\t\t\t\t\t\t\t\t\t\t<div class=\"elementor-gallery-item__overlay\"><\/div>\n\t\t\t\t\t\t\t\t\t\t\t\t\t\t<\/a>\n\t\t\t\t\t\t\t<a class=\"e-gallery-item elementor-gallery-item elementor-animated-content\" href=\"https:\/\/www.kirche-bad-liebenwerda.de\/wp-content\/uploads\/2024\/11\/IMG_2502-scaled.webp\" data-elementor-open-lightbox=\"yes\" data-elementor-lightbox-slideshow=\"532542f\" data-elementor-lightbox-title=\"IMG_2502\" data-e-action-hash=\"#elementor-action%3Aaction%3Dlightbox%26settings%3DeyJpZCI6MjU1OCwidXJsIjoiaHR0cHM6XC9cL3d3dy5raXJjaGUtYmFkLWxpZWJlbndlcmRhLmRlXC93cC1jb250ZW50XC91cGxvYWRzXC8yMDI0XC8xMVwvSU1HXzI1MDItc2NhbGVkLndlYnAiLCJzbGlkZXNob3ciOiI1MzI1NDJmIn0%3D\">\n\t\t\t\t\t<div class=\"e-gallery-image elementor-gallery-item__image\" data-thumbnail=\"https:\/\/www.kirche-bad-liebenwerda.de\/wp-content\/uploads\/2024\/11\/IMG_2502-300x200.webp\" data-width=\"300\" data-height=\"200\" aria-label=\"\" role=\"img\" ><\/div>\n\t\t\t\t\t\t\t\t\t\t\t<div class=\"elementor-gallery-item__overlay\"><\/div>\n\t\t\t\t\t\t\t\t\t\t\t\t\t\t<\/a>\n\t\t\t\t\t\t\t<a class=\"e-gallery-item elementor-gallery-item elementor-animated-content\" href=\"https:\/\/www.kirche-bad-liebenwerda.de\/wp-content\/uploads\/2024\/11\/IMG_2511-Verbessert-RR-scaled.webp\" data-elementor-open-lightbox=\"yes\" data-elementor-lightbox-slideshow=\"532542f\" data-elementor-lightbox-title=\"IMG_2511-Verbessert-RR\" data-e-action-hash=\"#elementor-action%3Aaction%3Dlightbox%26settings%3DeyJpZCI6MjU1OSwidXJsIjoiaHR0cHM6XC9cL3d3dy5raXJjaGUtYmFkLWxpZWJlbndlcmRhLmRlXC93cC1jb250ZW50XC91cGxvYWRzXC8yMDI0XC8xMVwvSU1HXzI1MTEtVmVyYmVzc2VydC1SUi1zY2FsZWQud2VicCIsInNsaWRlc2hvdyI6IjUzMjU0MmYifQ%3D%3D\">\n\t\t\t\t\t<div class=\"e-gallery-image elementor-gallery-item__image\" data-thumbnail=\"https:\/\/www.kirche-bad-liebenwerda.de\/wp-content\/uploads\/2024\/11\/IMG_2511-Verbessert-RR-300x200.webp\" data-width=\"300\" data-height=\"200\" aria-label=\"\" role=\"img\" ><\/div>\n\t\t\t\t\t\t\t\t\t\t\t<div class=\"elementor-gallery-item__overlay\"><\/div>\n\t\t\t\t\t\t\t\t\t\t\t\t\t\t<\/a>\n\t\t\t\t\t\t\t<a class=\"e-gallery-item elementor-gallery-item elementor-animated-content\" href=\"https:\/\/www.kirche-bad-liebenwerda.de\/wp-content\/uploads\/2024\/11\/IMG_2513-Verbessert-RR-scaled.webp\" data-elementor-open-lightbox=\"yes\" data-elementor-lightbox-slideshow=\"532542f\" data-elementor-lightbox-title=\"IMG_2513-Verbessert-RR\" data-e-action-hash=\"#elementor-action%3Aaction%3Dlightbox%26settings%3DeyJpZCI6MjU2MCwidXJsIjoiaHR0cHM6XC9cL3d3dy5raXJjaGUtYmFkLWxpZWJlbndlcmRhLmRlXC93cC1jb250ZW50XC91cGxvYWRzXC8yMDI0XC8xMVwvSU1HXzI1MTMtVmVyYmVzc2VydC1SUi1zY2FsZWQud2VicCIsInNsaWRlc2hvdyI6IjUzMjU0MmYifQ%3D%3D\">\n\t\t\t\t\t<div class=\"e-gallery-image elementor-gallery-item__image\" data-thumbnail=\"https:\/\/www.kirche-bad-liebenwerda.de\/wp-content\/uploads\/2024\/11\/IMG_2513-Verbessert-RR-300x200.webp\" data-width=\"300\" data-height=\"200\" aria-label=\"\" role=\"img\" ><\/div>\n\t\t\t\t\t\t\t\t\t\t\t<div class=\"elementor-gallery-item__overlay\"><\/div>\n\t\t\t\t\t\t\t\t\t\t\t\t\t\t<\/a>\n\t\t\t\t\t\t\t<a class=\"e-gallery-item elementor-gallery-item elementor-animated-content\" href=\"https:\/\/www.kirche-bad-liebenwerda.de\/wp-content\/uploads\/2024\/11\/IMG_2514-scaled.webp\" data-elementor-open-lightbox=\"yes\" data-elementor-lightbox-slideshow=\"532542f\" data-elementor-lightbox-title=\"IMG_2514\" data-e-action-hash=\"#elementor-action%3Aaction%3Dlightbox%26settings%3DeyJpZCI6MjU2MSwidXJsIjoiaHR0cHM6XC9cL3d3dy5raXJjaGUtYmFkLWxpZWJlbndlcmRhLmRlXC93cC1jb250ZW50XC91cGxvYWRzXC8yMDI0XC8xMVwvSU1HXzI1MTQtc2NhbGVkLndlYnAiLCJzbGlkZXNob3ciOiI1MzI1NDJmIn0%3D\">\n\t\t\t\t\t<div class=\"e-gallery-image elementor-gallery-item__image\" data-thumbnail=\"https:\/\/www.kirche-bad-liebenwerda.de\/wp-content\/uploads\/2024\/11\/IMG_2514-300x200.webp\" data-width=\"300\" data-height=\"200\" aria-label=\"\" role=\"img\" ><\/div>\n\t\t\t\t\t\t\t\t\t\t\t<div class=\"elementor-gallery-item__overlay\"><\/div>\n\t\t\t\t\t\t\t\t\t\t\t\t\t\t<\/a>\n\t\t\t\t\t\t\t<a class=\"e-gallery-item elementor-gallery-item elementor-animated-content\" href=\"https:\/\/www.kirche-bad-liebenwerda.de\/wp-content\/uploads\/2024\/11\/IMG_2522-scaled.webp\" data-elementor-open-lightbox=\"yes\" data-elementor-lightbox-slideshow=\"532542f\" data-elementor-lightbox-title=\"IMG_2522\" data-e-action-hash=\"#elementor-action%3Aaction%3Dlightbox%26settings%3DeyJpZCI6MjU2NCwidXJsIjoiaHR0cHM6XC9cL3d3dy5raXJjaGUtYmFkLWxpZWJlbndlcmRhLmRlXC93cC1jb250ZW50XC91cGxvYWRzXC8yMDI0XC8xMVwvSU1HXzI1MjItc2NhbGVkLndlYnAiLCJzbGlkZXNob3ciOiI1MzI1NDJmIn0%3D\">\n\t\t\t\t\t<div class=\"e-gallery-image elementor-gallery-item__image\" data-thumbnail=\"https:\/\/www.kirche-bad-liebenwerda.de\/wp-content\/uploads\/2024\/11\/IMG_2522-300x200.webp\" data-width=\"300\" data-height=\"200\" aria-label=\"\" role=\"img\" ><\/div>\n\t\t\t\t\t\t\t\t\t\t\t<div class=\"elementor-gallery-item__overlay\"><\/div>\n\t\t\t\t\t\t\t\t\t\t\t\t\t\t<\/a>\n\t\t\t\t\t\t\t<a class=\"e-gallery-item elementor-gallery-item elementor-animated-content\" href=\"https:\/\/www.kirche-bad-liebenwerda.de\/wp-content\/uploads\/2024\/11\/DSC_0045-scaled.webp\" data-elementor-open-lightbox=\"yes\" data-elementor-lightbox-slideshow=\"532542f\" data-elementor-lightbox-title=\"DSC_0045\" data-e-action-hash=\"#elementor-action%3Aaction%3Dlightbox%26settings%3DeyJpZCI6MjU2NSwidXJsIjoiaHR0cHM6XC9cL3d3dy5raXJjaGUtYmFkLWxpZWJlbndlcmRhLmRlXC93cC1jb250ZW50XC91cGxvYWRzXC8yMDI0XC8xMVwvRFNDXzAwNDUtc2NhbGVkLndlYnAiLCJzbGlkZXNob3ciOiI1MzI1NDJmIn0%3D\">\n\t\t\t\t\t<div class=\"e-gallery-image elementor-gallery-item__image\" data-thumbnail=\"https:\/\/www.kirche-bad-liebenwerda.de\/wp-content\/uploads\/2024\/11\/DSC_0045-300x200.webp\" data-width=\"300\" data-height=\"200\" aria-label=\"\" role=\"img\" ><\/div>\n\t\t\t\t\t\t\t\t\t\t\t<div class=\"elementor-gallery-item__overlay\"><\/div>\n\t\t\t\t\t\t\t\t\t\t\t\t\t\t<\/a>\n\t\t\t\t\t\t\t<a class=\"e-gallery-item elementor-gallery-item elementor-animated-content\" href=\"https:\/\/www.kirche-bad-liebenwerda.de\/wp-content\/uploads\/2024\/11\/DSC_0048-scaled.webp\" data-elementor-open-lightbox=\"yes\" data-elementor-lightbox-slideshow=\"532542f\" data-elementor-lightbox-title=\"DSC_0048\" data-e-action-hash=\"#elementor-action%3Aaction%3Dlightbox%26settings%3DeyJpZCI6MjU2NywidXJsIjoiaHR0cHM6XC9cL3d3dy5raXJjaGUtYmFkLWxpZWJlbndlcmRhLmRlXC93cC1jb250ZW50XC91cGxvYWRzXC8yMDI0XC8xMVwvRFNDXzAwNDgtc2NhbGVkLndlYnAiLCJzbGlkZXNob3ciOiI1MzI1NDJmIn0%3D\">\n\t\t\t\t\t<div class=\"e-gallery-image elementor-gallery-item__image\" data-thumbnail=\"https:\/\/www.kirche-bad-liebenwerda.de\/wp-content\/uploads\/2024\/11\/DSC_0048-300x200.webp\" data-width=\"300\" data-height=\"200\" aria-label=\"\" role=\"img\" ><\/div>\n\t\t\t\t\t\t\t\t\t\t\t<div class=\"elementor-gallery-item__overlay\"><\/div>\n\t\t\t\t\t\t\t\t\t\t\t\t\t\t<\/a>\n\t\t\t\t\t\t\t<a class=\"e-gallery-item elementor-gallery-item elementor-animated-content\" href=\"https:\/\/www.kirche-bad-liebenwerda.de\/wp-content\/uploads\/2024\/11\/DSC_0053-scaled.webp\" data-elementor-open-lightbox=\"yes\" data-elementor-lightbox-slideshow=\"532542f\" data-elementor-lightbox-title=\"DSC_0053\" data-e-action-hash=\"#elementor-action%3Aaction%3Dlightbox%26settings%3DeyJpZCI6MjU2OSwidXJsIjoiaHR0cHM6XC9cL3d3dy5raXJjaGUtYmFkLWxpZWJlbndlcmRhLmRlXC93cC1jb250ZW50XC91cGxvYWRzXC8yMDI0XC8xMVwvRFNDXzAwNTMtc2NhbGVkLndlYnAiLCJzbGlkZXNob3ciOiI1MzI1NDJmIn0%3D\">\n\t\t\t\t\t<div class=\"e-gallery-image elementor-gallery-item__image\" data-thumbnail=\"https:\/\/www.kirche-bad-liebenwerda.de\/wp-content\/uploads\/2024\/11\/DSC_0053-300x200.webp\" data-width=\"300\" data-height=\"200\" aria-label=\"\" role=\"img\" ><\/div>\n\t\t\t\t\t\t\t\t\t\t\t<div class=\"elementor-gallery-item__overlay\"><\/div>\n\t\t\t\t\t\t\t\t\t\t\t\t\t\t<\/a>\n\t\t\t\t\t\t\t<a class=\"e-gallery-item elementor-gallery-item elementor-animated-content\" href=\"https:\/\/www.kirche-bad-liebenwerda.de\/wp-content\/uploads\/2024\/11\/DSC_0055-scaled.webp\" data-elementor-open-lightbox=\"yes\" data-elementor-lightbox-slideshow=\"532542f\" data-elementor-lightbox-title=\"DSC_0055\" data-e-action-hash=\"#elementor-action%3Aaction%3Dlightbox%26settings%3DeyJpZCI6MjU3MCwidXJsIjoiaHR0cHM6XC9cL3d3dy5raXJjaGUtYmFkLWxpZWJlbndlcmRhLmRlXC93cC1jb250ZW50XC91cGxvYWRzXC8yMDI0XC8xMVwvRFNDXzAwNTUtc2NhbGVkLndlYnAiLCJzbGlkZXNob3ciOiI1MzI1NDJmIn0%3D\">\n\t\t\t\t\t<div class=\"e-gallery-image elementor-gallery-item__image\" data-thumbnail=\"https:\/\/www.kirche-bad-liebenwerda.de\/wp-content\/uploads\/2024\/11\/DSC_0055-300x200.webp\" data-width=\"300\" data-height=\"200\" aria-label=\"\" role=\"img\" ><\/div>\n\t\t\t\t\t\t\t\t\t\t\t<div class=\"elementor-gallery-item__overlay\"><\/div>\n\t\t\t\t\t\t\t\t\t\t\t\t\t\t<\/a>\n\t\t\t\t\t\t\t<a class=\"e-gallery-item elementor-gallery-item elementor-animated-content\" href=\"https:\/\/www.kirche-bad-liebenwerda.de\/wp-content\/uploads\/2024\/11\/IMG_2478-scaled.webp\" data-elementor-open-lightbox=\"yes\" data-elementor-lightbox-slideshow=\"532542f\" data-elementor-lightbox-title=\"IMG_2478\" data-e-action-hash=\"#elementor-action%3Aaction%3Dlightbox%26settings%3DeyJpZCI6MjU3MSwidXJsIjoiaHR0cHM6XC9cL3d3dy5raXJjaGUtYmFkLWxpZWJlbndlcmRhLmRlXC93cC1jb250ZW50XC91cGxvYWRzXC8yMDI0XC8xMVwvSU1HXzI0Nzgtc2NhbGVkLndlYnAiLCJzbGlkZXNob3ciOiI1MzI1NDJmIn0%3D\">\n\t\t\t\t\t<div class=\"e-gallery-image elementor-gallery-item__image\" data-thumbnail=\"https:\/\/www.kirche-bad-liebenwerda.de\/wp-content\/uploads\/2024\/11\/IMG_2478-300x200.webp\" data-width=\"300\" data-height=\"200\" aria-label=\"\" role=\"img\" ><\/div>\n\t\t\t\t\t\t\t\t\t\t\t<div class=\"elementor-gallery-item__overlay\"><\/div>\n\t\t\t\t\t\t\t\t\t\t\t\t\t\t<\/a>\n\t\t\t\t\t\t\t<a class=\"e-gallery-item elementor-gallery-item elementor-animated-content\" href=\"https:\/\/www.kirche-bad-liebenwerda.de\/wp-content\/uploads\/2024\/11\/IMG_2480-scaled.webp\" data-elementor-open-lightbox=\"yes\" data-elementor-lightbox-slideshow=\"532542f\" data-elementor-lightbox-title=\"IMG_2480\" data-e-action-hash=\"#elementor-action%3Aaction%3Dlightbox%26settings%3DeyJpZCI6MjU3MiwidXJsIjoiaHR0cHM6XC9cL3d3dy5raXJjaGUtYmFkLWxpZWJlbndlcmRhLmRlXC93cC1jb250ZW50XC91cGxvYWRzXC8yMDI0XC8xMVwvSU1HXzI0ODAtc2NhbGVkLndlYnAiLCJzbGlkZXNob3ciOiI1MzI1NDJmIn0%3D\">\n\t\t\t\t\t<div class=\"e-gallery-image elementor-gallery-item__image\" data-thumbnail=\"https:\/\/www.kirche-bad-liebenwerda.de\/wp-content\/uploads\/2024\/11\/IMG_2480-300x200.webp\" data-width=\"300\" data-height=\"200\" aria-label=\"\" role=\"img\" ><\/div>\n\t\t\t\t\t\t\t\t\t\t\t<div class=\"elementor-gallery-item__overlay\"><\/div>\n\t\t\t\t\t\t\t\t\t\t\t\t\t\t<\/a>\n\t\t\t\t\t\t\t<a class=\"e-gallery-item elementor-gallery-item elementor-animated-content\" href=\"https:\/\/www.kirche-bad-liebenwerda.de\/wp-content\/uploads\/2024\/11\/IMG_2483-scaled.webp\" data-elementor-open-lightbox=\"yes\" data-elementor-lightbox-slideshow=\"532542f\" data-elementor-lightbox-title=\"IMG_2483\" data-e-action-hash=\"#elementor-action%3Aaction%3Dlightbox%26settings%3DeyJpZCI6MjU3MywidXJsIjoiaHR0cHM6XC9cL3d3dy5raXJjaGUtYmFkLWxpZWJlbndlcmRhLmRlXC93cC1jb250ZW50XC91cGxvYWRzXC8yMDI0XC8xMVwvSU1HXzI0ODMtc2NhbGVkLndlYnAiLCJzbGlkZXNob3ciOiI1MzI1NDJmIn0%3D\">\n\t\t\t\t\t<div class=\"e-gallery-image elementor-gallery-item__image\" data-thumbnail=\"https:\/\/www.kirche-bad-liebenwerda.de\/wp-content\/uploads\/2024\/11\/IMG_2483-300x200.webp\" data-width=\"300\" data-height=\"200\" aria-label=\"\" role=\"img\" ><\/div>\n\t\t\t\t\t\t\t\t\t\t\t<div class=\"elementor-gallery-item__overlay\"><\/div>\n\t\t\t\t\t\t\t\t\t\t\t\t\t\t<\/a>\n\t\t\t\t\t<\/div>\n\t\t\t\t\t<\/div>\n\t\t\t\t<\/div>\n\t\t\t\t<\/div>\n\t\t\t\t\t<\/div>\n\t\t\t\t<\/div>\n\t\t<div class=\"elementor-element elementor-element-b7bc18a e-flex e-con-boxed e-con e-parent\" data-id=\"b7bc18a\" data-element_type=\"container\" data-e-type=\"container\">\n\t\t\t\t\t<div class=\"e-con-inner\">\n\t\t\t\t<div class=\"elementor-element elementor-element-65b7d82 elementor-widget elementor-widget-text-editor\" data-id=\"65b7d82\" data-element_type=\"widget\" data-e-type=\"widget\" data-widget_type=\"text-editor.default\">\n\t\t\t\t<div class=\"elementor-widget-container\">\n\t\t\t\t\t\t\t\t\t<h1><strong>Gottesdienst findet in der Regel immer sonntags\u00a0 \u00a010.30 Uhr statt<\/strong><\/h1>\n<p><!-- \/wp:heading --><!-- wp:gallery {\"linkTo\":\"none\"} --><\/p>\n<figure class=\"wp-block-gallery columns-0 is-cropped\"><\/figure>\n<p><!-- \/wp:gallery --><!-- wp:paragraph --><\/p>\n<p><!-- \/wp:paragraph --><!-- wp:metaslider\/slider {\"slideshowId\":195} --><\/p>\n<div class=\"alignnormal\">\u00a0<\/div>\n<p><!-- \/wp:metaslider\/slider --><\/p>\t\t\t\t\t\t\t\t<\/div>\n\t\t\t\t<\/div>\n\t\t\t\t\t<\/div>\n\t\t\t\t<\/div>\n\t\t\t\t<\/div>\n\t\t<\/div>","protected":false},"excerpt":{"rendered":"<p><!-- RS_MODULE_CODE_2.5.0 --><\/p>\n<div id=\"readspeaker_button96\" class=\"rs_skip rsbtn rs_preserve\"><a class=\"rsbtn_play\" title=\"Um den Text anzuh&ouml;ren, verwenden Sie bitte ReadSpeaker\" accesskey=\"L\" href=\"https:\/\/app-eu.readspeaker.com\/cgi-bin\/rsent?customerid=10468&amp;lang=de_de&amp;readid=rspeak_read_96&amp;url=https%3A%2F%2Fwww.kirche-bad-liebenwerda.de%2Findex.php%3Frest_route%3D%252Fwp%252Fv2%252Fpages%252F96\"><span class=\"rsbtn_left rsimg rspart\"><span class=\"rsbtn_text\"><span>Vorlesen<\/span><\/span><\/span><span class=\"rsbtn_right rsimg rsplay rspart\"><\/span><\/a><\/div>\n<div id=\"rspeak_read_96\"> Gemeinde M\u00fchlberg &#8211; St. Marien Kapelle St. Marien: Ein moderner Nachbar der Klosterkirche Direkt neben der historischen Klosterkirche und dem traditionsreichen Kloster &#8222;Marienstern&#8220;, das 1228 gegr\u00fcndet wurde, steht die katholische Kapelle St. Marien. Sie erg\u00e4nzt das spirituelle Ensemble und symbolisiert eine Verbindung von Tradition und Moderne. Feierliche Weihe im Jahr 1971 Am 20. November [&hellip;]<\/div>\n","protected":false},"author":1,"featured_media":0,"parent":0,"menu_order":0,"comment_status":"closed","ping_status":"closed","template":"","meta":{"footnotes":""},"class_list":["post-96","page","type-page","status-publish","hentry"],"_links":{"self":[{"href":"https:\/\/www.kirche-bad-liebenwerda.de\/index.php?rest_route=\/wp\/v2\/pages\/96","targetHints":{"allow":["GET"]}}],"collection":[{"href":"https:\/\/www.kirche-bad-liebenwerda.de\/index.php?rest_route=\/wp\/v2\/pages"}],"about":[{"href":"https:\/\/www.kirche-bad-liebenwerda.de\/index.php?rest_route=\/wp\/v2\/types\/page"}],"author":[{"embeddable":true,"href":"https:\/\/www.kirche-bad-liebenwerda.de\/index.php?rest_route=\/wp\/v2\/users\/1"}],"replies":[{"embeddable":true,"href":"https:\/\/www.kirche-bad-liebenwerda.de\/index.php?rest_route=%2Fwp%2Fv2%2Fcomments&post=96"}],"version-history":[{"count":12,"href":"https:\/\/www.kirche-bad-liebenwerda.de\/index.php?rest_route=\/wp\/v2\/pages\/96\/revisions"}],"predecessor-version":[{"id":2712,"href":"https:\/\/www.kirche-bad-liebenwerda.de\/index.php?rest_route=\/wp\/v2\/pages\/96\/revisions\/2712"}],"wp:attachment":[{"href":"https:\/\/www.kirche-bad-liebenwerda.de\/index.php?rest_route=%2Fwp%2Fv2%2Fmedia&parent=96"}],"curies":[{"name":"wp","href":"https:\/\/api.w.org\/{rel}","templated":true}]}}